
{"id":572,"date":"2021-02-10T11:04:11","date_gmt":"2021-02-10T09:04:11","guid":{"rendered":"https:\/\/crolcentrecalella.com\/politica-de-privacidad\/"},"modified":"2026-02-10T10:06:03","modified_gmt":"2026-02-10T08:06:03","slug":"politica-de-privacidad","status":"publish","type":"page","link":"https:\/\/crolcentrecalella.com\/ca\/politica-de-privacidad\/","title":{"rendered":"Pol\u00edtica de Privacitat"},"content":{"rendered":"<p>[vc_row][vc_column][vc_column_text]<\/p>\n<h2 data-start=\"0\" data-end=\"28\"><strong data-start=\"0\" data-end=\"28\">1. INFORMACI\u00d3 A L\u2019USUARI<\/strong><\/h2>\n<p data-start=\"30\" data-end=\"374\"><strong data-start=\"30\" data-end=\"100\">Qui \u00e9s el responsable del tractament de les teves dades personals?<\/strong><br data-start=\"100\" data-end=\"103\" \/>COVA CALELLA, S.L \u00e9s el RESPONSABLE del tractament de les dades personals de l\u2019USUARI i l\u2019informa que aquestes dades seran tractades de conformitat amb el que disposa el Reglament (UE) 2016\/679, de 27 d\u2019abril (GDPR), i la Llei org\u00e0nica 3\/2018, de 5 de desembre (LOPDGDD).<\/p>\n<p data-start=\"376\" data-end=\"535\"><strong data-start=\"376\" data-end=\"424\">Per a qu\u00e8 tractem les teves dades personals?<\/strong><br data-start=\"424\" data-end=\"427\" \/>Per mantenir una relaci\u00f3 comercial amb l\u2019usuari. Les operacions previstes per dur a terme el tractament s\u00f3n:<\/p>\n<ul data-start=\"537\" data-end=\"1442\">\n<li data-start=\"537\" data-end=\"1037\">\n<p data-start=\"539\" data-end=\"1037\">Enviament de comunicacions comercials publicit\u00e0ries per correu electr\u00f2nic, fax, SMS, MMS, xarxes socials o qualsevol altre mitj\u00e0 electr\u00f2nic o f\u00edsic, present o futur, que permeti realitzar comunicacions comercials. Aquestes comunicacions seran realitzades pel RESPONSABLE i estaran relacionades amb els seus productes i serveis, o amb els dels seus col\u00b7laboradors o prove\u00efdors, amb els quals hagi assolit algun acord de promoci\u00f3. En aquest cas, els tercers mai tindran acc\u00e9s a les dades personals.<\/p>\n<\/li>\n<li data-start=\"1038\" data-end=\"1095\">\n<p data-start=\"1040\" data-end=\"1095\">Realitzar estudis de mercat i an\u00e0lisis estad\u00edstiques.<\/p>\n<\/li>\n<li data-start=\"1096\" data-end=\"1339\">\n<p data-start=\"1098\" data-end=\"1339\">Tramitar enc\u00e0rrecs, sol\u00b7licituds, donar resposta a les consultes o a qualsevol tipus de petici\u00f3 que sigui realitzada per l\u2019USUARI a trav\u00e9s de qualsevol de les formes de contacte posades a la seva disposici\u00f3 a la p\u00e0gina web del RESPONSABLE.<\/p>\n<\/li>\n<li data-start=\"1340\" data-end=\"1442\">\n<p data-start=\"1342\" data-end=\"1442\">Enviar el butllet\u00ed informatiu en l\u00ednia, sobre novetats, ofertes i promocions de la nostra activitat.<\/p>\n<\/li>\n<\/ul>\n<p data-start=\"1444\" data-end=\"1588\"><strong data-start=\"1444\" data-end=\"1503\">Per quin motiu podem tractar les teves dades personals?<\/strong><br data-start=\"1503\" data-end=\"1506\" \/>Perqu\u00e8 el tractament est\u00e0 legitimat per l\u2019article 6 del GDPR de la manera seg\u00fcent:<\/p>\n<ul data-start=\"1590\" data-end=\"1854\">\n<li data-start=\"1590\" data-end=\"1691\">\n<p data-start=\"1592\" data-end=\"1691\">Amb el consentiment de l\u2019USUARI: enviament de comunicacions comercials i del butllet\u00ed informatiu.<\/p>\n<\/li>\n<li data-start=\"1692\" data-end=\"1854\">\n<p data-start=\"1694\" data-end=\"1854\">Per inter\u00e8s leg\u00edtim del RESPONSABLE: realitzar estudis de mercat, an\u00e0lisis estad\u00edstiques, etc., i tramitar enc\u00e0rrecs, sol\u00b7licituds, etc., a petici\u00f3 de l\u2019USUARI.<\/p>\n<\/li>\n<\/ul>\n<p data-start=\"1856\" data-end=\"2237\"><strong data-start=\"1856\" data-end=\"1918\">Durant quant de temps guardarem les teves dades personals?<\/strong><br data-start=\"1918\" data-end=\"1921\" \/>Es conservaran durant no m\u00e9s temps del necessari per mantenir la finalitat del tractament o mentre existeixin prescripcions legals que en determinin la cust\u00f2dia, i quan ja no sigui necessari, se suprimiran amb mesures de seguretat adequades per garantir l\u2019anonimitzaci\u00f3 de les dades o la destrucci\u00f3 total d\u2019aquestes.<\/p>\n<p data-start=\"2239\" data-end=\"2662\"><strong data-start=\"2239\" data-end=\"2285\">A qui facilitem les teves dades personals?<\/strong><br data-start=\"2285\" data-end=\"2288\" \/>No est\u00e0 prevista cap comunicaci\u00f3 de dades personals a tercers, excepte si fos necessari per al desenvolupament i execuci\u00f3 de les finalitats del tractament, als nostres prove\u00efdors de serveis relacionats amb comunicacions, amb els quals el RESPONSABLE t\u00e9 subscrits els contractes de confidencialitat i d\u2019encarregat del tractament exigits per la normativa vigent de privacitat.<\/p>\n<p data-start=\"2664\" data-end=\"2735\"><strong data-start=\"2664\" data-end=\"2693\">Quins s\u00f3n els teus drets?<\/strong><br data-start=\"2693\" data-end=\"2696\" \/>Els drets que assisteixen l\u2019USUARI s\u00f3n:<\/p>\n<ul data-start=\"2737\" data-end=\"3058\">\n<li data-start=\"2737\" data-end=\"2792\">\n<p data-start=\"2739\" data-end=\"2792\">Dret a retirar el consentiment en qualsevol moment.<\/p>\n<\/li>\n<li data-start=\"2793\" data-end=\"2914\">\n<p data-start=\"2795\" data-end=\"2914\">Dret d\u2019acc\u00e9s, rectificaci\u00f3, portabilitat i supressi\u00f3 de les seves dades, i de limitaci\u00f3 o oposici\u00f3 al seu tractament.<\/p>\n<\/li>\n<li data-start=\"2915\" data-end=\"3058\">\n<p data-start=\"2917\" data-end=\"3058\">Dret a presentar una reclamaci\u00f3 davant l\u2019autoritat de control (<a class=\"decorated-link\" href=\"http:\/\/www.aepd.es\" target=\"_new\" rel=\"noopener\" data-start=\"2980\" data-end=\"2991\">www.aepd.es<\/a>) si considera que el tractament no s\u2019ajusta a la normativa vigent.<\/p>\n<\/li>\n<\/ul>\n<p data-start=\"3060\" data-end=\"3213\"><strong data-start=\"3060\" data-end=\"3109\">Dades de contacte per exercir els seus drets:<\/strong><br data-start=\"3109\" data-end=\"3112\" \/>COVA CALELLA, S.L \u2013 AV. TURISME, 106 \u2013 08370 CALELLA (Barcelona).<br data-start=\"3177\" data-end=\"3180\" \/>Email: <a class=\"decorated-link cursor-pointer\" rel=\"noopener\" data-start=\"3187\" data-end=\"3213\">info@crolcentrecalella.com<\/a><\/p>\n<hr data-start=\"3215\" data-end=\"3218\" \/>\n<h2 data-start=\"3220\" data-end=\"3300\"><strong data-start=\"3220\" data-end=\"3300\">2. CAR\u00c0CTER OBLIGATORI O FACULTATIU DE LA INFORMACI\u00d3 FACILITADA PER L\u2019USUARI<\/strong><\/h2>\n<p data-start=\"3302\" data-end=\"3838\">Els USUARIS, mitjan\u00e7ant la marcaci\u00f3 de les caselles corresponents i la introducci\u00f3 de dades als camps marcats amb un asterisc (*) al formulari de contacte o presentats en formularis de desc\u00e0rrega, accepten expressament i de manera lliure i inequ\u00edvoca que les seves dades s\u00f3n necess\u00e0ries per atendre la seva petici\u00f3 per part del prestador, i \u00e9s volunt\u00e0ria la inclusi\u00f3 de dades als camps restants. L\u2019USUARI garanteix que les dades personals facilitades al RESPONSABLE s\u00f3n veraces i es fa responsable de comunicar-ne qualsevol modificaci\u00f3.<\/p>\n<p data-start=\"3840\" data-end=\"4159\">El RESPONSABLE informa que totes les dades sol\u00b7licitades a trav\u00e9s del lloc web s\u00f3n obligat\u00f2ries, ja que s\u00f3n necess\u00e0ries per a la prestaci\u00f3 d\u2019un servei \u00f2ptim a l\u2019USUARI. En cas que no es facilitin totes les dades, no es garanteix que la informaci\u00f3 i els serveis facilitats s\u2019ajustin completament a les seves necessitats.<\/p>\n<hr data-start=\"4161\" data-end=\"4164\" \/>\n<h2 data-start=\"4166\" data-end=\"4193\"><strong data-start=\"4166\" data-end=\"4193\">3. MESURES DE SEGURETAT<\/strong><\/h2>\n<p data-start=\"4195\" data-end=\"4709\">De conformitat amb el que disposen les normatives vigents en protecci\u00f3 de dades personals, el RESPONSABLE compleix totes les disposicions de les normatives GDPR i LOPDGDD per al tractament de les dades personals de la seva responsabilitat, i manifestament amb els principis descrits a l\u2019article 5 del GDPR, segons els quals s\u00f3n tractades de manera l\u00edcita, lleial i transparent en relaci\u00f3 amb l\u2019interessat i adequades, pertinents i limitades al necessari en relaci\u00f3 amb les finalitats per a les quals s\u00f3n tractades.<\/p>\n<p data-start=\"4711\" data-end=\"5011\">El RESPONSABLE garanteix que ha implementat pol\u00edtiques t\u00e8cniques i organitzatives apropiades per aplicar les mesures de seguretat que estableixen el GDPR i la LOPDGDD amb la finalitat de protegir els drets i llibertats dels USUARIS i els ha comunicat la informaci\u00f3 adequada perqu\u00e8 puguin exercir-los.<\/p>\n<p data-start=\"5013\" data-end=\"5210\" data-is-last-node=\"\" data-is-only-node=\"\">Per a m\u00e9s informaci\u00f3 sobre les garanties de privacitat, podeu adre\u00e7ar-vos al RESPONSABLE a trav\u00e9s d\u2019OEN TOURS, S.L., AV. TURISME, 106 \u2013 08370 CALELLA (Barcelona). Email: <a class=\"decorated-link cursor-pointer\" rel=\"noopener\" data-start=\"5183\" data-end=\"5209\">info@crolcentrecalella.com<\/a>.<\/p>\n<p>[\/vc_column_text][\/vc_column][\/vc_row]<\/p>\n","protected":false},"excerpt":{"rendered":"<p>[vc_row][vc_column][vc_column_text] 1. INFORMACI\u00d3 A L\u2019USUARI Qui \u00e9s el responsable del tractament de les teves dades personals?COVA CALELLA, S.L \u00e9s el RESPONSABLE del tractament de les dades personals de l\u2019USUARI i l\u2019informa que aquestes dades seran tractades de conformitat amb el que disposa el Reglament (UE)&#8230;<\/p>\n","protected":false},"author":2,"featured_media":0,"parent":0,"menu_order":0,"comment_status":"closed","ping_status":"closed","template":"","meta":{"footnotes":""},"class_list":["post-572","page","type-page","status-publish","hentry"],"yoast_head":"<!-- This site is optimized with the Yoast SEO plugin v26.8 - https:\/\/yoast.com\/product\/yoast-seo-wordpress\/ -->\n<title>Pol\u00edtica de Privacitat - Crol Centre Calella<\/title>\n<meta name=\"robots\" content=\"index, follow, max-snippet:-1, max-image-preview:large, max-video-preview:-1\" \/>\n<link rel=\"canonical\" href=\"https:\/\/crolcentrecalella.com\/ca\/politica-de-privacidad\/\" \/>\n<meta property=\"og:locale\" content=\"ca_ES\" \/>\n<meta property=\"og:type\" content=\"article\" \/>\n<meta property=\"og:title\" content=\"Pol\u00edtica de Privacitat - Crol Centre Calella\" \/>\n<meta property=\"og:description\" content=\"[vc_row][vc_column][vc_column_text] 1. INFORMACI\u00d3 A L\u2019USUARI Qui \u00e9s el responsable del tractament de les teves dades personals?COVA CALELLA, S.L \u00e9s el RESPONSABLE del tractament de les dades personals de l\u2019USUARI i l\u2019informa que aquestes dades seran tractades de conformitat amb el que disposa el Reglament (UE)...\" \/>\n<meta property=\"og:url\" content=\"https:\/\/crolcentrecalella.com\/ca\/politica-de-privacidad\/\" \/>\n<meta property=\"og:site_name\" content=\"Crol Centre Calella\" \/>\n<meta property=\"article:modified_time\" content=\"2026-02-10T08:06:03+00:00\" \/>\n<meta name=\"twitter:card\" content=\"summary_large_image\" \/>\n<meta name=\"twitter:label1\" content=\"Temps estimat de lectura\" \/>\n\t<meta name=\"twitter:data1\" content=\"4 minuts\" \/>\n<script type=\"application\/ld+json\" class=\"yoast-schema-graph\">{\"@context\":\"https:\/\/schema.org\",\"@graph\":[{\"@type\":\"WebPage\",\"@id\":\"https:\/\/crolcentrecalella.com\/ca\/politica-de-privacidad\/\",\"url\":\"https:\/\/crolcentrecalella.com\/ca\/politica-de-privacidad\/\",\"name\":\"Pol\u00edtica de Privacitat - Crol Centre Calella\",\"isPartOf\":{\"@id\":\"https:\/\/crolcentrecalella.com\/#website\"},\"datePublished\":\"2021-02-10T09:04:11+00:00\",\"dateModified\":\"2026-02-10T08:06:03+00:00\",\"breadcrumb\":{\"@id\":\"https:\/\/crolcentrecalella.com\/ca\/politica-de-privacidad\/#breadcrumb\"},\"inLanguage\":\"ca\",\"potentialAction\":[{\"@type\":\"ReadAction\",\"target\":[\"https:\/\/crolcentrecalella.com\/ca\/politica-de-privacidad\/\"]}]},{\"@type\":\"BreadcrumbList\",\"@id\":\"https:\/\/crolcentrecalella.com\/ca\/politica-de-privacidad\/#breadcrumb\",\"itemListElement\":[{\"@type\":\"ListItem\",\"position\":1,\"name\":\"Inici\",\"item\":\"https:\/\/crolcentrecalella.com\/ca\/\"},{\"@type\":\"ListItem\",\"position\":2,\"name\":\"Pol\u00edtica de Privacitat\"}]},{\"@type\":\"WebSite\",\"@id\":\"https:\/\/crolcentrecalella.com\/#website\",\"url\":\"https:\/\/crolcentrecalella.com\/\",\"name\":\"Crol Centre Calella\",\"description\":\"Piscina ol\u00edmpica en la Costa de Barcelona\",\"potentialAction\":[{\"@type\":\"SearchAction\",\"target\":{\"@type\":\"EntryPoint\",\"urlTemplate\":\"https:\/\/crolcentrecalella.com\/?s={search_term_string}\"},\"query-input\":{\"@type\":\"PropertyValueSpecification\",\"valueRequired\":true,\"valueName\":\"search_term_string\"}}],\"inLanguage\":\"ca\"}]}<\/script>\n<!-- \/ Yoast SEO plugin. -->","yoast_head_json":{"title":"Pol\u00edtica de Privacitat - Crol Centre Calella","robots":{"index":"index","follow":"follow","max-snippet":"max-snippet:-1","max-image-preview":"max-image-preview:large","max-video-preview":"max-video-preview:-1"},"canonical":"https:\/\/crolcentrecalella.com\/ca\/politica-de-privacidad\/","og_locale":"ca_ES","og_type":"article","og_title":"Pol\u00edtica de Privacitat - Crol Centre Calella","og_description":"[vc_row][vc_column][vc_column_text] 1. INFORMACI\u00d3 A L\u2019USUARI Qui \u00e9s el responsable del tractament de les teves dades personals?COVA CALELLA, S.L \u00e9s el RESPONSABLE del tractament de les dades personals de l\u2019USUARI i l\u2019informa que aquestes dades seran tractades de conformitat amb el que disposa el Reglament (UE)...","og_url":"https:\/\/crolcentrecalella.com\/ca\/politica-de-privacidad\/","og_site_name":"Crol Centre Calella","article_modified_time":"2026-02-10T08:06:03+00:00","twitter_card":"summary_large_image","twitter_misc":{"Temps estimat de lectura":"4 minuts"},"schema":{"@context":"https:\/\/schema.org","@graph":[{"@type":"WebPage","@id":"https:\/\/crolcentrecalella.com\/ca\/politica-de-privacidad\/","url":"https:\/\/crolcentrecalella.com\/ca\/politica-de-privacidad\/","name":"Pol\u00edtica de Privacitat - Crol Centre Calella","isPartOf":{"@id":"https:\/\/crolcentrecalella.com\/#website"},"datePublished":"2021-02-10T09:04:11+00:00","dateModified":"2026-02-10T08:06:03+00:00","breadcrumb":{"@id":"https:\/\/crolcentrecalella.com\/ca\/politica-de-privacidad\/#breadcrumb"},"inLanguage":"ca","potentialAction":[{"@type":"ReadAction","target":["https:\/\/crolcentrecalella.com\/ca\/politica-de-privacidad\/"]}]},{"@type":"BreadcrumbList","@id":"https:\/\/crolcentrecalella.com\/ca\/politica-de-privacidad\/#breadcrumb","itemListElement":[{"@type":"ListItem","position":1,"name":"Inici","item":"https:\/\/crolcentrecalella.com\/ca\/"},{"@type":"ListItem","position":2,"name":"Pol\u00edtica de Privacitat"}]},{"@type":"WebSite","@id":"https:\/\/crolcentrecalella.com\/#website","url":"https:\/\/crolcentrecalella.com\/","name":"Crol Centre Calella","description":"Piscina ol\u00edmpica en la Costa de Barcelona","potentialAction":[{"@type":"SearchAction","target":{"@type":"EntryPoint","urlTemplate":"https:\/\/crolcentrecalella.com\/?s={search_term_string}"},"query-input":{"@type":"PropertyValueSpecification","valueRequired":true,"valueName":"search_term_string"}}],"inLanguage":"ca"}]}},"_links":{"self":[{"href":"https:\/\/crolcentrecalella.com\/ca\/wp-json\/wp\/v2\/pages\/572","targetHints":{"allow":["GET"]}}],"collection":[{"href":"https:\/\/crolcentrecalella.com\/ca\/wp-json\/wp\/v2\/pages"}],"about":[{"href":"https:\/\/crolcentrecalella.com\/ca\/wp-json\/wp\/v2\/types\/page"}],"author":[{"embeddable":true,"href":"https:\/\/crolcentrecalella.com\/ca\/wp-json\/wp\/v2\/users\/2"}],"replies":[{"embeddable":true,"href":"https:\/\/crolcentrecalella.com\/ca\/wp-json\/wp\/v2\/comments?post=572"}],"version-history":[{"count":3,"href":"https:\/\/crolcentrecalella.com\/ca\/wp-json\/wp\/v2\/pages\/572\/revisions"}],"predecessor-version":[{"id":7335,"href":"https:\/\/crolcentrecalella.com\/ca\/wp-json\/wp\/v2\/pages\/572\/revisions\/7335"}],"wp:attachment":[{"href":"https:\/\/crolcentrecalella.com\/ca\/wp-json\/wp\/v2\/media?parent=572"}],"curies":[{"name":"wp","href":"https:\/\/api.w.org\/{rel}","templated":true}]}}